{"id":11469,"date":"2023-12-27T11:05:25","date_gmt":"2023-12-27T10:05:25","guid":{"rendered":"https:\/\/tannaskroket.se\/?post_type=tribe_events&#038;p=11469"},"modified":"2023-12-27T15:04:39","modified_gmt":"2023-12-27T14:04:39","slug":"pizzabrotchen-am-ersten-tag","status":"publish","type":"tribe_events","link":"https:\/\/tannaskroket.se\/de\/event\/pizzakvall-dagens-forsta-dag\/","title":{"rendered":"Feiern Sie den ersten Tag des Jahres mit Pizza und Skifahren am Abend!"},"content":{"rendered":"<p>Wir laden Sie ein, den ersten Tag des Jahres mit abendlichem Skifahren und einem Pizzabuffet im Kreise guter Freunde zu feiern.<\/p>\n<p>Das Pizzabuffet wird ab 17.30 Uhr serviert und das abendliche Skifahren findet zwischen 18.00 und 20.00 Uhr statt.<\/p>\n<p>Glutenfreie Pizzen sind erh\u00e4ltlich. Bei der Reservierung vorher ank\u00fcndigen.<\/p>\n<p>Vergessen Sie nicht, Ihren Tisch im Voraus unter restaurang@tannaskroket.se zu reservieren.<\/p>","protected":false},"excerpt":{"rendered":"<p>Willkommen, um den ersten Tag des Jahres mit Abendskifahren und Pizzabuffet mit guten Freunden zu feiern. Das Pizzabuffet wird ab 17.30 Uhr serviert und das abendliche Skifahren findet zwischen 18.00 und 20.00 Uhr statt. Glutenfreie Pizzen sind erh\u00e4ltlich. Bitte melden Sie sich bei der Reservierung an. Vergessen Sie nicht, einen Tisch zu reservieren unter restaurang@tannaskroket.se<\/p>","protected":false},"author":10,"featured_media":8355,"template":"","meta":{"site-sidebar-layout":"default","site-content-layout":"default","ast-site-content-layout":"default","site-content-style":"default","site-sidebar-style":"default","ast-global-header-display":"","ast-banner-title-visibility":"","ast-main-header-display":"","ast-hfb-above-header-display":"","ast-hfb-below-header-display":"","ast-hfb-mobile-header-display":"","site-post-title":"","ast-breadcrumbs-content":"","ast-featured-img":"","footer-sml-layout":"","ast-disable-related-posts":"","theme-transparent-header-meta":"default","adv-header-id-meta":"","stick-header-meta":"default","header-above-stick-meta":"","header-main-stick-meta":"","header-below-stick-meta":"","astra-migrate-meta-layouts":"set","ast-page-background-enabled":"default","ast-page-background-meta":{"desktop":{"background-color":"var(--ast-global-color-4)","background-image":"","background-repeat":"repeat","background-position":"center center","background-size":"auto","background-attachment":"scroll","background-type":"","background-media":"","overlay-type":"","overlay-color":"","overlay-opacity":"","overlay-gradient":""},"tablet":{"background-color":"","background-image":"","background-repeat":"repeat","background-position":"center center","background-size":"auto","background-attachment":"scroll","background-type":"","background-media":"","overlay-type":"","overlay-color":"","overlay-opacity":"","overlay-gradient":""},"mobile":{"background-color":"","background-image":"","background-repeat":"repeat","background-position":"center center","background-size":"auto","background-attachment":"scroll","background-type":"","background-media":"","overlay-type":"","overlay-color":"","overlay-opacity":"","overlay-gradient":""}},"ast-content-background-meta":{"desktop":{"background-color":"var(--ast-global-color-5)","background-image":"","background-repeat":"repeat","background-position":"center center","background-size":"auto","background-attachment":"scroll","background-type":"","background-media":"","overlay-type":"","overlay-color":"","overlay-opacity":"","overlay-gradient":""},"tablet":{"background-color":"var(--ast-global-color-5)","background-image":"","background-repeat":"repeat","background-position":"center center","background-size":"auto","background-attachment":"scroll","background-type":"","background-media":"","overlay-type":"","overlay-color":"","overlay-opacity":"","overlay-gradient":""},"mobile":{"background-color":"var(--ast-global-color-5)","background-image":"","background-repeat":"repeat","background-position":"center center","background-size":"auto","background-attachment":"scroll","background-type":"","background-media":"","overlay-type":"","overlay-color":"","overlay-opacity":"","overlay-gradient":""}},"_tribe_events_status":"","_tribe_events_status_reason":"","footnotes":""},"tags":[],"tribe_events_cat":[],"class_list":["post-11469","tribe_events","type-tribe_events","status-publish","has-post-thumbnail","hentry"],"yoast_head":"<!-- This site is optimized with the Yoast SEO plugin v27.1.1 - https:\/\/yoast.com\/product\/yoast-seo-wordpress\/ -->\n<title>Fira \u00e5rets f\u00f6rsta dag med Pizza och kv\u00e4llsskid\u00e5kning - T\u00e4nn\u00e4skr\u00f6ket<\/title>\n<meta name=\"robots\" content=\"index, follow, max-snippet:-1, max-image-preview:large, max-video-preview:-1\" \/>\n<link rel=\"canonical\" href=\"https:\/\/tannaskroket.se\/de\/veranstaltung\/pizzabrotchen-am-ersten-tag\/\" \/>\n<meta property=\"og:locale\" content=\"de_DE\" \/>\n<meta property=\"og:type\" content=\"article\" \/>\n<meta property=\"og:title\" content=\"Fira \u00e5rets f\u00f6rsta dag med Pizza och kv\u00e4llsskid\u00e5kning - T\u00e4nn\u00e4skr\u00f6ket\" \/>\n<meta property=\"og:description\" content=\"V\u00e4lkommen att fira \u00e5rets f\u00f6rsta dag med kv\u00e4llsskid\u00e5kning och pizzabuff\u00e9 med goda v\u00e4nners s\u00e4llskap. Pizzabuff\u00e9n serveras fr\u00e5n kl. 17.30 och Kv\u00e4llsskid\u00e5kning \u00e4r mellan 18.00 &#8211; 20.00. Glutenfria pizzor finns. F\u00f6ranm\u00e4l n\u00e4r ni bokar. Gl\u00f6m inta att f\u00f6rboka bord p\u00e5 restaurang@tannaskroket.se\" \/>\n<meta property=\"og:url\" content=\"https:\/\/tannaskroket.se\/de\/veranstaltung\/pizzabrotchen-am-ersten-tag\/\" \/>\n<meta property=\"og:site_name\" content=\"T\u00e4nn\u00e4skr\u00f6ket\" \/>\n<meta property=\"article:publisher\" content=\"https:\/\/www.facebook.com\/Tannaskroket\/\" \/>\n<meta property=\"article:modified_time\" content=\"2023-12-27T14:04:39+00:00\" \/>\n<meta property=\"og:image\" content=\"https:\/\/tannaskroket.se\/wp-content\/uploads\/2022\/11\/Bar_restaurang_arran-scaled.jpg\" \/>\n\t<meta property=\"og:image:width\" content=\"1707\" \/>\n\t<meta property=\"og:image:height\" content=\"2560\" \/>\n\t<meta property=\"og:image:type\" content=\"image\/jpeg\" \/>\n<meta name=\"twitter:card\" content=\"summary_large_image\" \/>\n<script type=\"application\/ld+json\" class=\"yoast-schema-graph\">{\"@context\":\"https:\/\/schema.org\",\"@graph\":[{\"@type\":\"WebPage\",\"@id\":\"https:\/\/tannaskroket.se\/event\/pizzakvall-dagens-forsta-dag\/\",\"url\":\"https:\/\/tannaskroket.se\/event\/pizzakvall-dagens-forsta-dag\/\",\"name\":\"Fira \u00e5rets f\u00f6rsta dag med Pizza och kv\u00e4llsskid\u00e5kning - T\u00e4nn\u00e4skr\u00f6ket\",\"isPartOf\":{\"@id\":\"https:\/\/tannaskroket.se\/#website\"},\"primaryImageOfPage\":{\"@id\":\"https:\/\/tannaskroket.se\/event\/pizzakvall-dagens-forsta-dag\/#primaryimage\"},\"image\":{\"@id\":\"https:\/\/tannaskroket.se\/event\/pizzakvall-dagens-forsta-dag\/#primaryimage\"},\"thumbnailUrl\":\"https:\/\/tannaskroket.se\/wp-content\/uploads\/2022\/11\/Bar_restaurang_arran-scaled.jpg\",\"datePublished\":\"2023-12-27T10:05:25+00:00\",\"dateModified\":\"2023-12-27T14:04:39+00:00\",\"breadcrumb\":{\"@id\":\"https:\/\/tannaskroket.se\/event\/pizzakvall-dagens-forsta-dag\/#breadcrumb\"},\"inLanguage\":\"de\",\"potentialAction\":[{\"@type\":\"ReadAction\",\"target\":[\"https:\/\/tannaskroket.se\/event\/pizzakvall-dagens-forsta-dag\/\"]}]},{\"@type\":\"ImageObject\",\"inLanguage\":\"de\",\"@id\":\"https:\/\/tannaskroket.se\/event\/pizzakvall-dagens-forsta-dag\/#primaryimage\",\"url\":\"https:\/\/tannaskroket.se\/wp-content\/uploads\/2022\/11\/Bar_restaurang_arran-scaled.jpg\",\"contentUrl\":\"https:\/\/tannaskroket.se\/wp-content\/uploads\/2022\/11\/Bar_restaurang_arran-scaled.jpg\",\"width\":1707,\"height\":2560,\"caption\":\"Restaurang \u00c1rran i T\u00e4nn\u00e4skr\u00f6ket\"},{\"@type\":\"BreadcrumbList\",\"@id\":\"https:\/\/tannaskroket.se\/event\/pizzakvall-dagens-forsta-dag\/#breadcrumb\",\"itemListElement\":[{\"@type\":\"ListItem\",\"position\":1,\"name\":\"Home\",\"item\":\"https:\/\/tannaskroket.se\/\"},{\"@type\":\"ListItem\",\"position\":2,\"name\":\"Evenemang\",\"item\":\"https:\/\/tannaskroket.se\/kalender\/\"},{\"@type\":\"ListItem\",\"position\":3,\"name\":\"Fira \u00e5rets f\u00f6rsta dag med Pizza och kv\u00e4llsskid\u00e5kning\"}]},{\"@type\":\"WebSite\",\"@id\":\"https:\/\/tannaskroket.se\/#website\",\"url\":\"https:\/\/tannaskroket.se\/\",\"name\":\"T\u00e4nn\u00e4skr\u00f6ket\",\"description\":\"Ett eget st\u00e4lle i fj\u00e4llen\",\"publisher\":{\"@id\":\"https:\/\/tannaskroket.se\/#organization\"},\"potentialAction\":[{\"@type\":\"SearchAction\",\"target\":{\"@type\":\"EntryPoint\",\"urlTemplate\":\"https:\/\/tannaskroket.se\/?s={search_term_string}\"},\"query-input\":{\"@type\":\"PropertyValueSpecification\",\"valueRequired\":true,\"valueName\":\"search_term_string\"}}],\"inLanguage\":\"de\"},{\"@type\":\"Organization\",\"@id\":\"https:\/\/tannaskroket.se\/#organization\",\"name\":\"T\u00e4nn\u00e4skr\u00f6ket\",\"url\":\"https:\/\/tannaskroket.se\/\",\"logo\":{\"@type\":\"ImageObject\",\"inLanguage\":\"de\",\"@id\":\"https:\/\/tannaskroket.se\/#\/schema\/logo\/image\/\",\"url\":\"https:\/\/tannaskroket.se\/wp-content\/uploads\/2022\/10\/tk_logo_100_s2.png\",\"contentUrl\":\"https:\/\/tannaskroket.se\/wp-content\/uploads\/2022\/10\/tk_logo_100_s2.png\",\"width\":100,\"height\":100,\"caption\":\"T\u00e4nn\u00e4skr\u00f6ket\"},\"image\":{\"@id\":\"https:\/\/tannaskroket.se\/#\/schema\/logo\/image\/\"},\"sameAs\":[\"https:\/\/www.facebook.com\/Tannaskroket\/\",\"https:\/\/www.instagram.com\/tannaskroket\/\"]}]}<\/script>\n<!-- \/ Yoast SEO plugin. -->","yoast_head_json":{"title":"Feiern Sie den ersten Tag des Jahres mit Pizza und Skifahren am Abend - T\u00e4nn\u00e4skr\u00f6ket","robots":{"index":"index","follow":"follow","max-snippet":"max-snippet:-1","max-image-preview":"max-image-preview:large","max-video-preview":"max-video-preview:-1"},"canonical":"https:\/\/tannaskroket.se\/de\/veranstaltung\/pizzabrotchen-am-ersten-tag\/","og_locale":"de_DE","og_type":"article","og_title":"Fira \u00e5rets f\u00f6rsta dag med Pizza och kv\u00e4llsskid\u00e5kning - T\u00e4nn\u00e4skr\u00f6ket","og_description":"V\u00e4lkommen att fira \u00e5rets f\u00f6rsta dag med kv\u00e4llsskid\u00e5kning och pizzabuff\u00e9 med goda v\u00e4nners s\u00e4llskap. Pizzabuff\u00e9n serveras fr\u00e5n kl. 17.30 och Kv\u00e4llsskid\u00e5kning \u00e4r mellan 18.00 &#8211; 20.00. Glutenfria pizzor finns. F\u00f6ranm\u00e4l n\u00e4r ni bokar. Gl\u00f6m inta att f\u00f6rboka bord p\u00e5 restaurang@tannaskroket.se","og_url":"https:\/\/tannaskroket.se\/de\/veranstaltung\/pizzabrotchen-am-ersten-tag\/","og_site_name":"T\u00e4nn\u00e4skr\u00f6ket","article_publisher":"https:\/\/www.facebook.com\/Tannaskroket\/","article_modified_time":"2023-12-27T14:04:39+00:00","og_image":[{"width":1707,"height":2560,"url":"https:\/\/tannaskroket.se\/wp-content\/uploads\/2022\/11\/Bar_restaurang_arran-scaled.jpg","type":"image\/jpeg"}],"twitter_card":"summary_large_image","schema":{"@context":"https:\/\/schema.org","@graph":[{"@type":"WebPage","@id":"https:\/\/tannaskroket.se\/event\/pizzakvall-dagens-forsta-dag\/","url":"https:\/\/tannaskroket.se\/event\/pizzakvall-dagens-forsta-dag\/","name":"Feiern Sie den ersten Tag des Jahres mit Pizza und Skifahren am Abend - T\u00e4nn\u00e4skr\u00f6ket","isPartOf":{"@id":"https:\/\/tannaskroket.se\/#website"},"primaryImageOfPage":{"@id":"https:\/\/tannaskroket.se\/event\/pizzakvall-dagens-forsta-dag\/#primaryimage"},"image":{"@id":"https:\/\/tannaskroket.se\/event\/pizzakvall-dagens-forsta-dag\/#primaryimage"},"thumbnailUrl":"https:\/\/tannaskroket.se\/wp-content\/uploads\/2022\/11\/Bar_restaurang_arran-scaled.jpg","datePublished":"2023-12-27T10:05:25+00:00","dateModified":"2023-12-27T14:04:39+00:00","breadcrumb":{"@id":"https:\/\/tannaskroket.se\/event\/pizzakvall-dagens-forsta-dag\/#breadcrumb"},"inLanguage":"de","potentialAction":[{"@type":"ReadAction","target":["https:\/\/tannaskroket.se\/event\/pizzakvall-dagens-forsta-dag\/"]}]},{"@type":"ImageObject","inLanguage":"de","@id":"https:\/\/tannaskroket.se\/event\/pizzakvall-dagens-forsta-dag\/#primaryimage","url":"https:\/\/tannaskroket.se\/wp-content\/uploads\/2022\/11\/Bar_restaurang_arran-scaled.jpg","contentUrl":"https:\/\/tannaskroket.se\/wp-content\/uploads\/2022\/11\/Bar_restaurang_arran-scaled.jpg","width":1707,"height":2560,"caption":"Restaurang \u00c1rran i T\u00e4nn\u00e4skr\u00f6ket"},{"@type":"BreadcrumbList","@id":"https:\/\/tannaskroket.se\/event\/pizzakvall-dagens-forsta-dag\/#breadcrumb","itemListElement":[{"@type":"ListItem","position":1,"name":"Home","item":"https:\/\/tannaskroket.se\/"},{"@type":"ListItem","position":2,"name":"Evenemang","item":"https:\/\/tannaskroket.se\/kalender\/"},{"@type":"ListItem","position":3,"name":"Fira \u00e5rets f\u00f6rsta dag med Pizza och kv\u00e4llsskid\u00e5kning"}]},{"@type":"WebSite","@id":"https:\/\/tannaskroket.se\/#website","url":"https:\/\/tannaskroket.se\/","name":"T\u00e4nn\u00e4skr\u00f6ket","description":"Ein eigener Platz in den Bergen","publisher":{"@id":"https:\/\/tannaskroket.se\/#organization"},"potentialAction":[{"@type":"SearchAction","target":{"@type":"EntryPoint","urlTemplate":"https:\/\/tannaskroket.se\/?s={search_term_string}"},"query-input":{"@type":"PropertyValueSpecification","valueRequired":true,"valueName":"search_term_string"}}],"inLanguage":"de"},{"@type":"Organization","@id":"https:\/\/tannaskroket.se\/#organization","name":"T\u00e4nn\u00e4skr\u00f6ket","url":"https:\/\/tannaskroket.se\/","logo":{"@type":"ImageObject","inLanguage":"de","@id":"https:\/\/tannaskroket.se\/#\/schema\/logo\/image\/","url":"https:\/\/tannaskroket.se\/wp-content\/uploads\/2022\/10\/tk_logo_100_s2.png","contentUrl":"https:\/\/tannaskroket.se\/wp-content\/uploads\/2022\/10\/tk_logo_100_s2.png","width":100,"height":100,"caption":"T\u00e4nn\u00e4skr\u00f6ket"},"image":{"@id":"https:\/\/tannaskroket.se\/#\/schema\/logo\/image\/"},"sameAs":["https:\/\/www.facebook.com\/Tannaskroket\/","https:\/\/www.instagram.com\/tannaskroket\/"]}]}},"_links":{"self":[{"href":"https:\/\/tannaskroket.se\/de\/wp-json\/wp\/v2\/tribe_events\/11469","targetHints":{"allow":["GET"]}}],"collection":[{"href":"https:\/\/tannaskroket.se\/de\/wp-json\/wp\/v2\/tribe_events"}],"about":[{"href":"https:\/\/tannaskroket.se\/de\/wp-json\/wp\/v2\/types\/tribe_events"}],"author":[{"embeddable":true,"href":"https:\/\/tannaskroket.se\/de\/wp-json\/wp\/v2\/users\/10"}],"version-history":[{"count":4,"href":"https:\/\/tannaskroket.se\/de\/wp-json\/wp\/v2\/tribe_events\/11469\/revisions"}],"predecessor-version":[{"id":11496,"href":"https:\/\/tannaskroket.se\/de\/wp-json\/wp\/v2\/tribe_events\/11469\/revisions\/11496"}],"wp:featuredmedia":[{"embeddable":true,"href":"https:\/\/tannaskroket.se\/de\/wp-json\/wp\/v2\/media\/8355"}],"wp:attachment":[{"href":"https:\/\/tannaskroket.se\/de\/wp-json\/wp\/v2\/media?parent=11469"}],"wp:term":[{"taxonomy":"post_tag","embeddable":true,"href":"https:\/\/tannaskroket.se\/de\/wp-json\/wp\/v2\/tags?post=11469"},{"taxonomy":"tribe_events_cat","embeddable":true,"href":"https:\/\/tannaskroket.se\/de\/wp-json\/wp\/v2\/tribe_events_cat?post=11469"}],"curies":[{"name":"wp","href":"https:\/\/api.w.org\/{rel}","templated":true}]}}