{"id":14410,"date":"2024-09-06T13:11:57","date_gmt":"2024-09-06T11:11:57","guid":{"rendered":"https:\/\/tannaskroket.se\/?post_type=tribe_events&#038;p=14410"},"modified":"2025-02-27T13:19:05","modified_gmt":"2025-02-27T12:19:05","slug":"tart-konzert-von-mozart-bis-abba","status":"publish","type":"tribe_events","link":"https:\/\/tannaskroket.se\/de\/event\/tartkonsert-fran-mozart-till-abba\/","title":{"rendered":"Tortenkonzert - Von Bach bis ABBA"},"content":{"rendered":"<h5>Von Bach bis Abba<\/h5>\n<p>Ist die Musik f\u00fcr ein Streichquartett komponiert oder die beste Musik der Welt?<\/p>\n<p>Unmittelbar nach dem Konzert wird im Restaurant \u00c1rran ein Kaffee- und Kuchenbuffet serviert.<\/p>\n<p><strong style=\"font-size: 16px;\">K\u00fcnstler:<\/strong><\/p>\n<p><span style=\"font-size: 16px;\">Herzlich willkommen!<\/span><\/p>","protected":false},"excerpt":{"rendered":"<p>Von Bach bis Abba Ist die Musik f\u00fcr Streichquartett komponiert oder die beste Musik der Welt? Unmittelbar nach dem Konzert wird im Restaurant \u00c1rran ein Kaffee- und Kuchenbuffet serviert. K\u00fcnstler: Herzlich willkommen!<\/p>","protected":false},"author":9,"featured_media":10169,"template":"","meta":{"site-sidebar-layout":"default","site-content-layout":"default","ast-site-content-layout":"default","site-content-style":"default","site-sidebar-style":"default","ast-global-header-display":"","ast-banner-title-visibility":"","ast-main-header-display":"","ast-hfb-above-header-display":"","ast-hfb-below-header-display":"","ast-hfb-mobile-header-display":"","site-post-title":"","ast-breadcrumbs-content":"","ast-featured-img":"","footer-sml-layout":"","ast-disable-related-posts":"","theme-transparent-header-meta":"default","adv-header-id-meta":"","stick-header-meta":"default","header-above-stick-meta":"","header-main-stick-meta":"","header-below-stick-meta":"","astra-migrate-meta-layouts":"set","ast-page-background-enabled":"default","ast-page-background-meta":{"desktop":{"background-color":"var(--ast-global-color-4)","background-image":"","background-repeat":"repeat","background-position":"center center","background-size":"auto","background-attachment":"scroll","background-type":"","background-media":"","overlay-type":"","overlay-color":"","overlay-opacity":"","overlay-gradient":""},"tablet":{"background-color":"","background-image":"","background-repeat":"repeat","background-position":"center center","background-size":"auto","background-attachment":"scroll","background-type":"","background-media":"","overlay-type":"","overlay-color":"","overlay-opacity":"","overlay-gradient":""},"mobile":{"background-color":"","background-image":"","background-repeat":"repeat","background-position":"center center","background-size":"auto","background-attachment":"scroll","background-type":"","background-media":"","overlay-type":"","overlay-color":"","overlay-opacity":"","overlay-gradient":""}},"ast-content-background-meta":{"desktop":{"background-color":"var(--ast-global-color-5)","background-image":"","background-repeat":"repeat","background-position":"center center","background-size":"auto","background-attachment":"scroll","background-type":"","background-media":"","overlay-type":"","overlay-color":"","overlay-opacity":"","overlay-gradient":""},"tablet":{"background-color":"var(--ast-global-color-5)","background-image":"","background-repeat":"repeat","background-position":"center center","background-size":"auto","background-attachment":"scroll","background-type":"","background-media":"","overlay-type":"","overlay-color":"","overlay-opacity":"","overlay-gradient":""},"mobile":{"background-color":"var(--ast-global-color-5)","background-image":"","background-repeat":"repeat","background-position":"center center","background-size":"auto","background-attachment":"scroll","background-type":"","background-media":"","overlay-type":"","overlay-color":"","overlay-opacity":"","overlay-gradient":""}},"_tribe_events_status":"","_tribe_events_status_reason":"","footnotes":""},"tags":[],"tribe_events_cat":[],"class_list":["post-14410","tribe_events","type-tribe_events","status-publish","has-post-thumbnail","hentry"],"yoast_head":"<!-- This site is optimized with the Yoast SEO plugin v27.1.1 - https:\/\/yoast.com\/product\/yoast-seo-wordpress\/ -->\n<title>T\u00e5rtkonsert - Fr\u00e5n Bach till ABBA - T\u00e4nn\u00e4skr\u00f6ket<\/title>\n<meta name=\"robots\" content=\"index, follow, max-snippet:-1, max-image-preview:large, max-video-preview:-1\" \/>\n<link rel=\"canonical\" href=\"https:\/\/tannaskroket.se\/de\/veranstaltung\/tart-konzert-von-mozart-bis-abba\/\" \/>\n<meta property=\"og:locale\" content=\"de_DE\" \/>\n<meta property=\"og:type\" content=\"article\" \/>\n<meta property=\"og:title\" content=\"T\u00e5rtkonsert - Fr\u00e5n Bach till ABBA - T\u00e4nn\u00e4skr\u00f6ket\" \/>\n<meta property=\"og:description\" content=\"Fr\u00e5n Bach till Abba \u00c4r musiken komponerad f\u00f6r str\u00e5kkvartett eller v\u00e4rldens b\u00e4sta musik? Direkt efter konserten serveras en kaffe- och t\u00e5rtbuff\u00e9 i Restaurang \u00c1rran. Artister: V\u00e4lkomna!\" \/>\n<meta property=\"og:url\" content=\"https:\/\/tannaskroket.se\/de\/veranstaltung\/tart-konzert-von-mozart-bis-abba\/\" \/>\n<meta property=\"og:site_name\" content=\"T\u00e4nn\u00e4skr\u00f6ket\" \/>\n<meta property=\"article:publisher\" content=\"https:\/\/www.facebook.com\/Tannaskroket\/\" \/>\n<meta property=\"article:modified_time\" content=\"2025-02-27T12:19:05+00:00\" \/>\n<meta property=\"og:image\" content=\"https:\/\/tannaskroket.se\/wp-content\/uploads\/2023\/05\/TheFunas_logotyp-vektor-1024x559.png\" \/>\n\t<meta property=\"og:image:width\" content=\"1024\" \/>\n\t<meta property=\"og:image:height\" content=\"559\" \/>\n\t<meta property=\"og:image:type\" content=\"image\/png\" \/>\n<meta name=\"twitter:card\" content=\"summary_large_image\" \/>\n<script type=\"application\/ld+json\" class=\"yoast-schema-graph\">{\"@context\":\"https:\/\/schema.org\",\"@graph\":[{\"@type\":\"WebPage\",\"@id\":\"https:\/\/tannaskroket.se\/event\/tartkonsert-fran-mozart-till-abba\/\",\"url\":\"https:\/\/tannaskroket.se\/event\/tartkonsert-fran-mozart-till-abba\/\",\"name\":\"T\u00e5rtkonsert - Fr\u00e5n Bach till ABBA - T\u00e4nn\u00e4skr\u00f6ket\",\"isPartOf\":{\"@id\":\"https:\/\/tannaskroket.se\/#website\"},\"primaryImageOfPage\":{\"@id\":\"https:\/\/tannaskroket.se\/event\/tartkonsert-fran-mozart-till-abba\/#primaryimage\"},\"image\":{\"@id\":\"https:\/\/tannaskroket.se\/event\/tartkonsert-fran-mozart-till-abba\/#primaryimage\"},\"thumbnailUrl\":\"https:\/\/tannaskroket.se\/wp-content\/uploads\/2023\/05\/TheFunas_logotyp-vektor.png\",\"datePublished\":\"2024-09-06T11:11:57+00:00\",\"dateModified\":\"2025-02-27T12:19:05+00:00\",\"breadcrumb\":{\"@id\":\"https:\/\/tannaskroket.se\/event\/tartkonsert-fran-mozart-till-abba\/#breadcrumb\"},\"inLanguage\":\"de\",\"potentialAction\":[{\"@type\":\"ReadAction\",\"target\":[\"https:\/\/tannaskroket.se\/event\/tartkonsert-fran-mozart-till-abba\/\"]}]},{\"@type\":\"ImageObject\",\"inLanguage\":\"de\",\"@id\":\"https:\/\/tannaskroket.se\/event\/tartkonsert-fran-mozart-till-abba\/#primaryimage\",\"url\":\"https:\/\/tannaskroket.se\/wp-content\/uploads\/2023\/05\/TheFunas_logotyp-vektor.png\",\"contentUrl\":\"https:\/\/tannaskroket.se\/wp-content\/uploads\/2023\/05\/TheFunas_logotyp-vektor.png\",\"width\":5622,\"height\":3071,\"caption\":\"The Fun\u00e4s Festival\"},{\"@type\":\"BreadcrumbList\",\"@id\":\"https:\/\/tannaskroket.se\/event\/tartkonsert-fran-mozart-till-abba\/#breadcrumb\",\"itemListElement\":[{\"@type\":\"ListItem\",\"position\":1,\"name\":\"Home\",\"item\":\"https:\/\/tannaskroket.se\/\"},{\"@type\":\"ListItem\",\"position\":2,\"name\":\"Evenemang\",\"item\":\"https:\/\/tannaskroket.se\/kalender\/\"},{\"@type\":\"ListItem\",\"position\":3,\"name\":\"T\u00e5rtkonsert &#8211; Fr\u00e5n Bach till ABBA\"}]},{\"@type\":\"WebSite\",\"@id\":\"https:\/\/tannaskroket.se\/#website\",\"url\":\"https:\/\/tannaskroket.se\/\",\"name\":\"T\u00e4nn\u00e4skr\u00f6ket\",\"description\":\"Ett eget st\u00e4lle i fj\u00e4llen\",\"publisher\":{\"@id\":\"https:\/\/tannaskroket.se\/#organization\"},\"potentialAction\":[{\"@type\":\"SearchAction\",\"target\":{\"@type\":\"EntryPoint\",\"urlTemplate\":\"https:\/\/tannaskroket.se\/?s={search_term_string}\"},\"query-input\":{\"@type\":\"PropertyValueSpecification\",\"valueRequired\":true,\"valueName\":\"search_term_string\"}}],\"inLanguage\":\"de\"},{\"@type\":\"Organization\",\"@id\":\"https:\/\/tannaskroket.se\/#organization\",\"name\":\"T\u00e4nn\u00e4skr\u00f6ket\",\"url\":\"https:\/\/tannaskroket.se\/\",\"logo\":{\"@type\":\"ImageObject\",\"inLanguage\":\"de\",\"@id\":\"https:\/\/tannaskroket.se\/#\/schema\/logo\/image\/\",\"url\":\"https:\/\/tannaskroket.se\/wp-content\/uploads\/2022\/10\/tk_logo_100_s2.png\",\"contentUrl\":\"https:\/\/tannaskroket.se\/wp-content\/uploads\/2022\/10\/tk_logo_100_s2.png\",\"width\":100,\"height\":100,\"caption\":\"T\u00e4nn\u00e4skr\u00f6ket\"},\"image\":{\"@id\":\"https:\/\/tannaskroket.se\/#\/schema\/logo\/image\/\"},\"sameAs\":[\"https:\/\/www.facebook.com\/Tannaskroket\/\",\"https:\/\/www.instagram.com\/tannaskroket\/\"]}]}<\/script>\n<!-- \/ Yoast SEO plugin. -->","yoast_head_json":{"title":"Tortenkonzert - Von Bach bis ABBA - T\u00e4nn\u00e4skr\u00f6ket","robots":{"index":"index","follow":"follow","max-snippet":"max-snippet:-1","max-image-preview":"max-image-preview:large","max-video-preview":"max-video-preview:-1"},"canonical":"https:\/\/tannaskroket.se\/de\/veranstaltung\/tart-konzert-von-mozart-bis-abba\/","og_locale":"de_DE","og_type":"article","og_title":"T\u00e5rtkonsert - Fr\u00e5n Bach till ABBA - T\u00e4nn\u00e4skr\u00f6ket","og_description":"Fr\u00e5n Bach till Abba \u00c4r musiken komponerad f\u00f6r str\u00e5kkvartett eller v\u00e4rldens b\u00e4sta musik? Direkt efter konserten serveras en kaffe- och t\u00e5rtbuff\u00e9 i Restaurang \u00c1rran. Artister: V\u00e4lkomna!","og_url":"https:\/\/tannaskroket.se\/de\/veranstaltung\/tart-konzert-von-mozart-bis-abba\/","og_site_name":"T\u00e4nn\u00e4skr\u00f6ket","article_publisher":"https:\/\/www.facebook.com\/Tannaskroket\/","article_modified_time":"2025-02-27T12:19:05+00:00","og_image":[{"width":1024,"height":559,"url":"https:\/\/tannaskroket.se\/wp-content\/uploads\/2023\/05\/TheFunas_logotyp-vektor-1024x559.png","type":"image\/png"}],"twitter_card":"summary_large_image","schema":{"@context":"https:\/\/schema.org","@graph":[{"@type":"WebPage","@id":"https:\/\/tannaskroket.se\/event\/tartkonsert-fran-mozart-till-abba\/","url":"https:\/\/tannaskroket.se\/event\/tartkonsert-fran-mozart-till-abba\/","name":"Tortenkonzert - Von Bach bis ABBA - T\u00e4nn\u00e4skr\u00f6ket","isPartOf":{"@id":"https:\/\/tannaskroket.se\/#website"},"primaryImageOfPage":{"@id":"https:\/\/tannaskroket.se\/event\/tartkonsert-fran-mozart-till-abba\/#primaryimage"},"image":{"@id":"https:\/\/tannaskroket.se\/event\/tartkonsert-fran-mozart-till-abba\/#primaryimage"},"thumbnailUrl":"https:\/\/tannaskroket.se\/wp-content\/uploads\/2023\/05\/TheFunas_logotyp-vektor.png","datePublished":"2024-09-06T11:11:57+00:00","dateModified":"2025-02-27T12:19:05+00:00","breadcrumb":{"@id":"https:\/\/tannaskroket.se\/event\/tartkonsert-fran-mozart-till-abba\/#breadcrumb"},"inLanguage":"de","potentialAction":[{"@type":"ReadAction","target":["https:\/\/tannaskroket.se\/event\/tartkonsert-fran-mozart-till-abba\/"]}]},{"@type":"ImageObject","inLanguage":"de","@id":"https:\/\/tannaskroket.se\/event\/tartkonsert-fran-mozart-till-abba\/#primaryimage","url":"https:\/\/tannaskroket.se\/wp-content\/uploads\/2023\/05\/TheFunas_logotyp-vektor.png","contentUrl":"https:\/\/tannaskroket.se\/wp-content\/uploads\/2023\/05\/TheFunas_logotyp-vektor.png","width":5622,"height":3071,"caption":"The Fun\u00e4s Festival"},{"@type":"BreadcrumbList","@id":"https:\/\/tannaskroket.se\/event\/tartkonsert-fran-mozart-till-abba\/#breadcrumb","itemListElement":[{"@type":"ListItem","position":1,"name":"Home","item":"https:\/\/tannaskroket.se\/"},{"@type":"ListItem","position":2,"name":"Evenemang","item":"https:\/\/tannaskroket.se\/kalender\/"},{"@type":"ListItem","position":3,"name":"T\u00e5rtkonsert &#8211; Fr\u00e5n Bach till ABBA"}]},{"@type":"WebSite","@id":"https:\/\/tannaskroket.se\/#website","url":"https:\/\/tannaskroket.se\/","name":"T\u00e4nn\u00e4skr\u00f6ket","description":"Ein eigener Platz in den Bergen","publisher":{"@id":"https:\/\/tannaskroket.se\/#organization"},"potentialAction":[{"@type":"SearchAction","target":{"@type":"EntryPoint","urlTemplate":"https:\/\/tannaskroket.se\/?s={search_term_string}"},"query-input":{"@type":"PropertyValueSpecification","valueRequired":true,"valueName":"search_term_string"}}],"inLanguage":"de"},{"@type":"Organization","@id":"https:\/\/tannaskroket.se\/#organization","name":"T\u00e4nn\u00e4skr\u00f6ket","url":"https:\/\/tannaskroket.se\/","logo":{"@type":"ImageObject","inLanguage":"de","@id":"https:\/\/tannaskroket.se\/#\/schema\/logo\/image\/","url":"https:\/\/tannaskroket.se\/wp-content\/uploads\/2022\/10\/tk_logo_100_s2.png","contentUrl":"https:\/\/tannaskroket.se\/wp-content\/uploads\/2022\/10\/tk_logo_100_s2.png","width":100,"height":100,"caption":"T\u00e4nn\u00e4skr\u00f6ket"},"image":{"@id":"https:\/\/tannaskroket.se\/#\/schema\/logo\/image\/"},"sameAs":["https:\/\/www.facebook.com\/Tannaskroket\/","https:\/\/www.instagram.com\/tannaskroket\/"]}]}},"_links":{"self":[{"href":"https:\/\/tannaskroket.se\/de\/wp-json\/wp\/v2\/tribe_events\/14410","targetHints":{"allow":["GET"]}}],"collection":[{"href":"https:\/\/tannaskroket.se\/de\/wp-json\/wp\/v2\/tribe_events"}],"about":[{"href":"https:\/\/tannaskroket.se\/de\/wp-json\/wp\/v2\/types\/tribe_events"}],"author":[{"embeddable":true,"href":"https:\/\/tannaskroket.se\/de\/wp-json\/wp\/v2\/users\/9"}],"version-history":[{"count":3,"href":"https:\/\/tannaskroket.se\/de\/wp-json\/wp\/v2\/tribe_events\/14410\/revisions"}],"predecessor-version":[{"id":15947,"href":"https:\/\/tannaskroket.se\/de\/wp-json\/wp\/v2\/tribe_events\/14410\/revisions\/15947"}],"wp:featuredmedia":[{"embeddable":true,"href":"https:\/\/tannaskroket.se\/de\/wp-json\/wp\/v2\/media\/10169"}],"wp:attachment":[{"href":"https:\/\/tannaskroket.se\/de\/wp-json\/wp\/v2\/media?parent=14410"}],"wp:term":[{"taxonomy":"post_tag","embeddable":true,"href":"https:\/\/tannaskroket.se\/de\/wp-json\/wp\/v2\/tags?post=14410"},{"taxonomy":"tribe_events_cat","embeddable":true,"href":"https:\/\/tannaskroket.se\/de\/wp-json\/wp\/v2\/tribe_events_cat?post=14410"}],"curies":[{"name":"wp","href":"https:\/\/api.w.org\/{rel}","templated":true}]}}