{"id":17776,"date":"2025-10-09T15:09:13","date_gmt":"2025-10-09T13:09:13","guid":{"rendered":"https:\/\/tannaskroket.se\/?post_type=tribe_events&#038;p=17776"},"modified":"2025-10-09T15:11:58","modified_gmt":"2025-10-09T13:11:58","slug":"neujahrsessen","status":"publish","type":"tribe_events","link":"https:\/\/tannaskroket.se\/de\/event\/nyarsmiddag\/","title":{"rendered":"Neujahrsessen"},"content":{"rendered":"<div id=\"cb--intro\" class=\"cb-page-section cb--intro\">\n<div class=\"cb-intro\">\n<div id=\"cb--intro\" class=\"cb-page-section cb--intro\">\n<div>\n<div class=\"cb-intro\">\n<h6>Sie k\u00f6nnen gerne einen Tisch f\u00fcr ein 3-G\u00e4nge-Silvestermen\u00fc im Arran Restaurant reservieren.<\/h6>\n<h6>Wir treffen uns um 18.00 Uhr zu einem Neujahrsumtrunk.<\/h6>\n<\/div>\n<\/div>\n<\/div>\n<div id=\"cb--description\" class=\"cb-page-section\">\n<div>\n<div class=\"cb-spacer-top cb-text-format cb--description\">\n<p>Das Neujahrsessen beginnt mit einem Neujahrstrinkspruch um 18.00 Uhr. Wir setzen uns um 18.30 Uhr zum Essen hin. Vergessen Sie nicht, uns mitzuteilen, wie viele Kinder das Kindermen\u00fc w\u00fcnschen.<\/p>\n<\/div>\n<\/div>\n<\/div>\n<\/div>\n<\/div>","protected":false},"excerpt":{"rendered":"<p>Sie sind herzlich eingeladen, einen Tisch f\u00fcr ein 3-G\u00e4nge-Neujahrsessen im Restaurant Arran zu reservieren. Wir treffen uns um 18.00 Uhr zu einem Neujahrstrunk Das Neujahrsessen beginnt mit einem Neujahrstrunk um 18.00 Uhr. Um 18.30 Uhr setzen wir uns zum Essen zusammen. Vergessen Sie nicht, uns mitzuteilen, wie viele Kinder das Kindermen\u00fc w\u00fcnschen.<\/p>","protected":false},"author":9,"featured_media":15431,"template":"","meta":{"site-sidebar-layout":"default","site-content-layout":"default","ast-site-content-layout":"default","site-content-style":"default","site-sidebar-style":"default","ast-global-header-display":"","ast-banner-title-visibility":"","ast-main-header-display":"","ast-hfb-above-header-display":"","ast-hfb-below-header-display":"","ast-hfb-mobile-header-display":"","site-post-title":"","ast-breadcrumbs-content":"","ast-featured-img":"","footer-sml-layout":"","ast-disable-related-posts":"","theme-transparent-header-meta":"default","adv-header-id-meta":"","stick-header-meta":"default","header-above-stick-meta":"","header-main-stick-meta":"","header-below-stick-meta":"","astra-migrate-meta-layouts":"set","ast-page-background-enabled":"default","ast-page-background-meta":{"desktop":{"background-color":"var(--ast-global-color-4)","background-image":"","background-repeat":"repeat","background-position":"center center","background-size":"auto","background-attachment":"scroll","background-type":"","background-media":"","overlay-type":"","overlay-color":"","overlay-opacity":"","overlay-gradient":""},"tablet":{"background-color":"","background-image":"","background-repeat":"repeat","background-position":"center center","background-size":"auto","background-attachment":"scroll","background-type":"","background-media":"","overlay-type":"","overlay-color":"","overlay-opacity":"","overlay-gradient":""},"mobile":{"background-color":"","background-image":"","background-repeat":"repeat","background-position":"center center","background-size":"auto","background-attachment":"scroll","background-type":"","background-media":"","overlay-type":"","overlay-color":"","overlay-opacity":"","overlay-gradient":""}},"ast-content-background-meta":{"desktop":{"background-color":"var(--ast-global-color-5)","background-image":"","background-repeat":"repeat","background-position":"center center","background-size":"auto","background-attachment":"scroll","background-type":"","background-media":"","overlay-type":"","overlay-color":"","overlay-opacity":"","overlay-gradient":""},"tablet":{"background-color":"var(--ast-global-color-5)","background-image":"","background-repeat":"repeat","background-position":"center center","background-size":"auto","background-attachment":"scroll","background-type":"","background-media":"","overlay-type":"","overlay-color":"","overlay-opacity":"","overlay-gradient":""},"mobile":{"background-color":"var(--ast-global-color-5)","background-image":"","background-repeat":"repeat","background-position":"center center","background-size":"auto","background-attachment":"scroll","background-type":"","background-media":"","overlay-type":"","overlay-color":"","overlay-opacity":"","overlay-gradient":""}},"_tribe_events_status":"","_tribe_events_status_reason":"","footnotes":""},"tags":[],"tribe_events_cat":[],"class_list":["post-17776","tribe_events","type-tribe_events","status-publish","has-post-thumbnail","hentry"],"yoast_head":"<!-- This site is optimized with the Yoast SEO plugin v27.1.1 - https:\/\/yoast.com\/product\/yoast-seo-wordpress\/ -->\n<title>Ny\u00e5rsmiddag - T\u00e4nn\u00e4skr\u00f6ket<\/title>\n<meta name=\"robots\" content=\"index, follow, max-snippet:-1, max-image-preview:large, max-video-preview:-1\" \/>\n<link rel=\"canonical\" href=\"https:\/\/tannaskroket.se\/de\/veranstaltung\/neujahrsessen\/\" \/>\n<meta property=\"og:locale\" content=\"de_DE\" \/>\n<meta property=\"og:type\" content=\"article\" \/>\n<meta property=\"og:title\" content=\"Ny\u00e5rsmiddag - T\u00e4nn\u00e4skr\u00f6ket\" \/>\n<meta property=\"og:description\" content=\"Varmt v\u00e4lkomna att boka bord till en 3-r\u00e4tters ny\u00e5rsmiddag p\u00e5 restaurang Arran. Vi samlas f\u00f6r en ny\u00e5rs sk\u00e5l vid 18.00 Ny\u00e5rsmiddagen inleds med en ny\u00e5rssk\u00e5l klockan 18.00. Klockan 18.30 s\u00e4tter vi oss till bords. Gl\u00f6m inte att meddela hur m\u00e5nga barn som \u00f6nskar barnmenyn\" \/>\n<meta property=\"og:url\" content=\"https:\/\/tannaskroket.se\/de\/veranstaltung\/neujahrsessen\/\" \/>\n<meta property=\"og:site_name\" content=\"T\u00e4nn\u00e4skr\u00f6ket\" \/>\n<meta property=\"article:publisher\" content=\"https:\/\/www.facebook.com\/Tannaskroket\/\" \/>\n<meta property=\"article:modified_time\" content=\"2025-10-09T13:11:58+00:00\" \/>\n<meta property=\"og:image\" content=\"https:\/\/tannaskroket.se\/wp-content\/uploads\/2024\/11\/P8A9334_WEB.jpg\" \/>\n\t<meta property=\"og:image:width\" content=\"1920\" \/>\n\t<meta property=\"og:image:height\" content=\"1280\" \/>\n\t<meta property=\"og:image:type\" content=\"image\/jpeg\" \/>\n<meta name=\"twitter:card\" content=\"summary_large_image\" \/>\n<script type=\"application\/ld+json\" class=\"yoast-schema-graph\">{\"@context\":\"https:\/\/schema.org\",\"@graph\":[{\"@type\":\"WebPage\",\"@id\":\"https:\/\/tannaskroket.se\/event\/nyarsmiddag\/\",\"url\":\"https:\/\/tannaskroket.se\/event\/nyarsmiddag\/\",\"name\":\"Ny\u00e5rsmiddag - T\u00e4nn\u00e4skr\u00f6ket\",\"isPartOf\":{\"@id\":\"https:\/\/tannaskroket.se\/#website\"},\"primaryImageOfPage\":{\"@id\":\"https:\/\/tannaskroket.se\/event\/nyarsmiddag\/#primaryimage\"},\"image\":{\"@id\":\"https:\/\/tannaskroket.se\/event\/nyarsmiddag\/#primaryimage\"},\"thumbnailUrl\":\"https:\/\/tannaskroket.se\/wp-content\/uploads\/2024\/11\/P8A9334_WEB.jpg\",\"datePublished\":\"2025-10-09T13:09:13+00:00\",\"dateModified\":\"2025-10-09T13:11:58+00:00\",\"breadcrumb\":{\"@id\":\"https:\/\/tannaskroket.se\/event\/nyarsmiddag\/#breadcrumb\"},\"inLanguage\":\"de\",\"potentialAction\":[{\"@type\":\"ReadAction\",\"target\":[\"https:\/\/tannaskroket.se\/event\/nyarsmiddag\/\"]}]},{\"@type\":\"ImageObject\",\"inLanguage\":\"de\",\"@id\":\"https:\/\/tannaskroket.se\/event\/nyarsmiddag\/#primaryimage\",\"url\":\"https:\/\/tannaskroket.se\/wp-content\/uploads\/2024\/11\/P8A9334_WEB.jpg\",\"contentUrl\":\"https:\/\/tannaskroket.se\/wp-content\/uploads\/2024\/11\/P8A9334_WEB.jpg\",\"width\":1920,\"height\":1280,\"caption\":\"Ny\u00e5rssup\u00e9 p\u00e5 \u00c1rran\"},{\"@type\":\"BreadcrumbList\",\"@id\":\"https:\/\/tannaskroket.se\/event\/nyarsmiddag\/#breadcrumb\",\"itemListElement\":[{\"@type\":\"ListItem\",\"position\":1,\"name\":\"Home\",\"item\":\"https:\/\/tannaskroket.se\/\"},{\"@type\":\"ListItem\",\"position\":2,\"name\":\"Evenemang\",\"item\":\"https:\/\/tannaskroket.se\/kalender\/\"},{\"@type\":\"ListItem\",\"position\":3,\"name\":\"Ny\u00e5rsmiddag\"}]},{\"@type\":\"WebSite\",\"@id\":\"https:\/\/tannaskroket.se\/#website\",\"url\":\"https:\/\/tannaskroket.se\/\",\"name\":\"T\u00e4nn\u00e4skr\u00f6ket\",\"description\":\"Ett eget st\u00e4lle i fj\u00e4llen\",\"publisher\":{\"@id\":\"https:\/\/tannaskroket.se\/#organization\"},\"potentialAction\":[{\"@type\":\"SearchAction\",\"target\":{\"@type\":\"EntryPoint\",\"urlTemplate\":\"https:\/\/tannaskroket.se\/?s={search_term_string}\"},\"query-input\":{\"@type\":\"PropertyValueSpecification\",\"valueRequired\":true,\"valueName\":\"search_term_string\"}}],\"inLanguage\":\"de\"},{\"@type\":\"Organization\",\"@id\":\"https:\/\/tannaskroket.se\/#organization\",\"name\":\"T\u00e4nn\u00e4skr\u00f6ket\",\"url\":\"https:\/\/tannaskroket.se\/\",\"logo\":{\"@type\":\"ImageObject\",\"inLanguage\":\"de\",\"@id\":\"https:\/\/tannaskroket.se\/#\/schema\/logo\/image\/\",\"url\":\"https:\/\/tannaskroket.se\/wp-content\/uploads\/2022\/10\/tk_logo_100_s2.png\",\"contentUrl\":\"https:\/\/tannaskroket.se\/wp-content\/uploads\/2022\/10\/tk_logo_100_s2.png\",\"width\":100,\"height\":100,\"caption\":\"T\u00e4nn\u00e4skr\u00f6ket\"},\"image\":{\"@id\":\"https:\/\/tannaskroket.se\/#\/schema\/logo\/image\/\"},\"sameAs\":[\"https:\/\/www.facebook.com\/Tannaskroket\/\",\"https:\/\/www.instagram.com\/tannaskroket\/\"]}]}<\/script>\n<!-- \/ Yoast SEO plugin. -->","yoast_head_json":{"title":"Neujahrsessen - T\u00e4nn\u00e4skr\u00f6ket","robots":{"index":"index","follow":"follow","max-snippet":"max-snippet:-1","max-image-preview":"max-image-preview:large","max-video-preview":"max-video-preview:-1"},"canonical":"https:\/\/tannaskroket.se\/de\/veranstaltung\/neujahrsessen\/","og_locale":"de_DE","og_type":"article","og_title":"Ny\u00e5rsmiddag - T\u00e4nn\u00e4skr\u00f6ket","og_description":"Varmt v\u00e4lkomna att boka bord till en 3-r\u00e4tters ny\u00e5rsmiddag p\u00e5 restaurang Arran. Vi samlas f\u00f6r en ny\u00e5rs sk\u00e5l vid 18.00 Ny\u00e5rsmiddagen inleds med en ny\u00e5rssk\u00e5l klockan 18.00. Klockan 18.30 s\u00e4tter vi oss till bords. Gl\u00f6m inte att meddela hur m\u00e5nga barn som \u00f6nskar barnmenyn","og_url":"https:\/\/tannaskroket.se\/de\/veranstaltung\/neujahrsessen\/","og_site_name":"T\u00e4nn\u00e4skr\u00f6ket","article_publisher":"https:\/\/www.facebook.com\/Tannaskroket\/","article_modified_time":"2025-10-09T13:11:58+00:00","og_image":[{"width":1920,"height":1280,"url":"https:\/\/tannaskroket.se\/wp-content\/uploads\/2024\/11\/P8A9334_WEB.jpg","type":"image\/jpeg"}],"twitter_card":"summary_large_image","schema":{"@context":"https:\/\/schema.org","@graph":[{"@type":"WebPage","@id":"https:\/\/tannaskroket.se\/event\/nyarsmiddag\/","url":"https:\/\/tannaskroket.se\/event\/nyarsmiddag\/","name":"Neujahrsessen - T\u00e4nn\u00e4skr\u00f6ket","isPartOf":{"@id":"https:\/\/tannaskroket.se\/#website"},"primaryImageOfPage":{"@id":"https:\/\/tannaskroket.se\/event\/nyarsmiddag\/#primaryimage"},"image":{"@id":"https:\/\/tannaskroket.se\/event\/nyarsmiddag\/#primaryimage"},"thumbnailUrl":"https:\/\/tannaskroket.se\/wp-content\/uploads\/2024\/11\/P8A9334_WEB.jpg","datePublished":"2025-10-09T13:09:13+00:00","dateModified":"2025-10-09T13:11:58+00:00","breadcrumb":{"@id":"https:\/\/tannaskroket.se\/event\/nyarsmiddag\/#breadcrumb"},"inLanguage":"de","potentialAction":[{"@type":"ReadAction","target":["https:\/\/tannaskroket.se\/event\/nyarsmiddag\/"]}]},{"@type":"ImageObject","inLanguage":"de","@id":"https:\/\/tannaskroket.se\/event\/nyarsmiddag\/#primaryimage","url":"https:\/\/tannaskroket.se\/wp-content\/uploads\/2024\/11\/P8A9334_WEB.jpg","contentUrl":"https:\/\/tannaskroket.se\/wp-content\/uploads\/2024\/11\/P8A9334_WEB.jpg","width":1920,"height":1280,"caption":"Ny\u00e5rssup\u00e9 p\u00e5 \u00c1rran"},{"@type":"BreadcrumbList","@id":"https:\/\/tannaskroket.se\/event\/nyarsmiddag\/#breadcrumb","itemListElement":[{"@type":"ListItem","position":1,"name":"Home","item":"https:\/\/tannaskroket.se\/"},{"@type":"ListItem","position":2,"name":"Evenemang","item":"https:\/\/tannaskroket.se\/kalender\/"},{"@type":"ListItem","position":3,"name":"Ny\u00e5rsmiddag"}]},{"@type":"WebSite","@id":"https:\/\/tannaskroket.se\/#website","url":"https:\/\/tannaskroket.se\/","name":"T\u00e4nn\u00e4skr\u00f6ket","description":"Ein eigener Platz in den Bergen","publisher":{"@id":"https:\/\/tannaskroket.se\/#organization"},"potentialAction":[{"@type":"SearchAction","target":{"@type":"EntryPoint","urlTemplate":"https:\/\/tannaskroket.se\/?s={search_term_string}"},"query-input":{"@type":"PropertyValueSpecification","valueRequired":true,"valueName":"search_term_string"}}],"inLanguage":"de"},{"@type":"Organization","@id":"https:\/\/tannaskroket.se\/#organization","name":"T\u00e4nn\u00e4skr\u00f6ket","url":"https:\/\/tannaskroket.se\/","logo":{"@type":"ImageObject","inLanguage":"de","@id":"https:\/\/tannaskroket.se\/#\/schema\/logo\/image\/","url":"https:\/\/tannaskroket.se\/wp-content\/uploads\/2022\/10\/tk_logo_100_s2.png","contentUrl":"https:\/\/tannaskroket.se\/wp-content\/uploads\/2022\/10\/tk_logo_100_s2.png","width":100,"height":100,"caption":"T\u00e4nn\u00e4skr\u00f6ket"},"image":{"@id":"https:\/\/tannaskroket.se\/#\/schema\/logo\/image\/"},"sameAs":["https:\/\/www.facebook.com\/Tannaskroket\/","https:\/\/www.instagram.com\/tannaskroket\/"]}]}},"_links":{"self":[{"href":"https:\/\/tannaskroket.se\/de\/wp-json\/wp\/v2\/tribe_events\/17776","targetHints":{"allow":["GET"]}}],"collection":[{"href":"https:\/\/tannaskroket.se\/de\/wp-json\/wp\/v2\/tribe_events"}],"about":[{"href":"https:\/\/tannaskroket.se\/de\/wp-json\/wp\/v2\/types\/tribe_events"}],"author":[{"embeddable":true,"href":"https:\/\/tannaskroket.se\/de\/wp-json\/wp\/v2\/users\/9"}],"version-history":[{"count":2,"href":"https:\/\/tannaskroket.se\/de\/wp-json\/wp\/v2\/tribe_events\/17776\/revisions"}],"predecessor-version":[{"id":17778,"href":"https:\/\/tannaskroket.se\/de\/wp-json\/wp\/v2\/tribe_events\/17776\/revisions\/17778"}],"wp:featuredmedia":[{"embeddable":true,"href":"https:\/\/tannaskroket.se\/de\/wp-json\/wp\/v2\/media\/15431"}],"wp:attachment":[{"href":"https:\/\/tannaskroket.se\/de\/wp-json\/wp\/v2\/media?parent=17776"}],"wp:term":[{"taxonomy":"post_tag","embeddable":true,"href":"https:\/\/tannaskroket.se\/de\/wp-json\/wp\/v2\/tags?post=17776"},{"taxonomy":"tribe_events_cat","embeddable":true,"href":"https:\/\/tannaskroket.se\/de\/wp-json\/wp\/v2\/tribe_events_cat?post=17776"}],"curies":[{"name":"wp","href":"https:\/\/api.w.org\/{rel}","templated":true}]}}