{"id":15497,"date":"2024-12-16T16:21:10","date_gmt":"2024-12-16T15:21:10","guid":{"rendered":"https:\/\/tannaskroket.se\/?post_type=tribe_events&#038;p=15497"},"modified":"2025-01-03T13:45:39","modified_gmt":"2025-01-03T12:45:39","slug":"klimakteriet-hur-ska-jag-forsta-en-kropp-som-jag-inte-langre-kanner-igen-forelasning-med-christina-sundequist","status":"publish","type":"tribe_events","link":"https:\/\/tannaskroket.se\/en\/event\/klimakteriet-hur-ska-jag-forsta-en-kropp-som-jag-inte-langre-kanner-igen-forelasning-med-christina-sundequist\/","title":{"rendered":"\"Menopause - how to understand a body I no longer recognise\" - lecture with Christina Sundequist"},"content":{"rendered":"<div id=\"cb-js-section--intro\" class=\"cb-page-section cb--intro\">\n<div class=\"cb-intro\">\n<div>\n<div class=\"WordSection1\">\n<div id=\"mail-editor-reference-message-container\">\n<div>\n<div>\n<div>\n<div>\n<div>\n<div>\n<div id=\"mail-editor-reference-message-container\">\n<div>\n<div>\n<div>\n<div>\n<div>\n<div>\n<div id=\"mail-editor-reference-message-container\">\n<div>\n<div>\n<div>\n<div>\n<div>\n<div>\n<div>\n<div>\n<div>\n<div>\n<div id=\"mail-editor-reference-message-container\">\n<div>\n<div>\n<div>\n<p>Welcome to a lecture meeting that will give you a good insight into the time around menopause!<\/p>\n<\/div>\n<\/div>\n<\/div>\n<\/div>\n<\/div>\n<\/div>\n<\/div>\n<\/div>\n<\/div>\n<\/div>\n<\/div>\n<\/div>\n<\/div>\n<\/div>\n<\/div>\n<\/div>\n<\/div>\n<\/div>\n<\/div>\n<\/div>\n<\/div>\n<\/div>\n<\/div>\n<\/div>\n<\/div>\n<\/div>\n<\/div>\n<\/div>\n<\/div>\n<\/div>\n<\/div>\n<div>\n<div class=\"WordSection1\">\n<div id=\"mail-editor-reference-message-container\">\n<div>\n<div>\n<div>\n<div>\n<div>\n<div>\n<div id=\"mail-editor-reference-message-container\">\n<div>\n<div>\n<div>\n<div>\n<div>\n<div>\n<div id=\"mail-editor-reference-message-container\">\n<div>\n<div>\n<div>\n<div>\n<div>\n<div>\n<div>\n<div>\n<div>\n<div>\n<div id=\"mail-editor-reference-message-container\">\n<div>\n<div>\n<div>\n<p>We go through what menopause is, the different phases, common symptoms, why they occur and how they affect you. We talk about both body and mind. You'll get advice on diet, weight gain, exercise, sleep, stress, mental health and more. You get tips on how to feel good in everyday life and at work. Working life is also affected.<\/p>\n<\/div>\n<\/div>\n<\/div>\n<\/div>\n<\/div>\n<\/div>\n<\/div>\n<\/div>\n<\/div>\n<\/div>\n<\/div>\n<\/div>\n<\/div>\n<\/div>\n<\/div>\n<\/div>\n<\/div>\n<\/div>\n<\/div>\n<\/div>\n<\/div>\n<\/div>\n<\/div>\n<\/div>\n<\/div>\n<\/div>\n<\/div>\n<\/div>\n<\/div>\n<\/div>\n<\/div>\n<div>\n<div class=\"WordSection1\">\n<div id=\"mail-editor-reference-message-container\">\n<div>\n<div>\n<div>\n<div>\n<div>\n<div>\n<div id=\"mail-editor-reference-message-container\">\n<div>\n<div>\n<div>\n<div>\n<div>\n<div>\n<div id=\"mail-editor-reference-message-container\">\n<div>\n<div>\n<div>\n<div>\n<div>\n<div>\n<div>\n<div>\n<div>\n<div>\n<div id=\"mail-editor-reference-message-container\">\n<div>\n<div>\n<div>\n<p>A warm welcome!<\/p>\n<p>During the break, you can buy refreshments<br \/>\nThere will be time for questions and Christina will be selling both her books at very favourable prices.<br \/>\n<em>Booking info and price coming soon.<\/em><\/p>\n<\/div>\n<\/div>\n<\/div>\n<\/div>\n<\/div>\n<\/div>\n<\/div>\n<\/div>\n<\/div>\n<\/div>\n<\/div>\n<\/div>\n<\/div>\n<\/div>\n<\/div>\n<\/div>\n<\/div>\n<\/div>\n<\/div>\n<\/div>\n<\/div>\n<\/div>\n<\/div>\n<\/div>\n<\/div>\n<\/div>\n<\/div>\n<\/div>\n<\/div>\n<\/div>\n<\/div>\n<\/div>\n<\/div>\n<div id=\"cb-js-section--description\" class=\"cb-page-section cb-text-format cb--description\">\n<div class=\"cb-page-subtitle cb-page-subtitle--line\">\n<div id=\"cb-js-section--description\" class=\"cb-page-section cb-text-format cb--description\">\n<div>\n<div class=\"cb-page-subtitle cb-page-subtitle--line\"><\/div>\n<\/div>\n<\/div>\n<\/div>\n<\/div>","protected":false},"excerpt":{"rendered":"<p>V\u00e4lkommen till en f\u00f6rel\u00e4sningstr\u00e4ff som ger dig en bra inblick i tiden runt klimakteriet! Vi g\u00e5r igenom vad klimakteriet \u00e4r, de olika faserna, vanliga symptom, varf\u00f6r de uppkommer och hur de p\u00e5verkar dig. Vi talar om b\u00e5de kropp och sinne. Du f\u00e5r r\u00e5d kopplat till kost, viktuppg\u00e5ng, tr\u00e4ning, s\u00f6mn, stress, psykiskt m\u00e5ende med mera. Du [&hellip;]<\/p>\n","protected":false},"author":12,"featured_media":15498,"template":"","meta":{"site-sidebar-layout":"default","site-content-layout":"","ast-site-content-layout":"default","site-content-style":"default","site-sidebar-style":"default","ast-global-header-display":"","ast-banner-title-visibility":"","ast-main-header-display":"","ast-hfb-above-header-display":"","ast-hfb-below-header-display":"","ast-hfb-mobile-header-display":"","site-post-title":"","ast-breadcrumbs-content":"","ast-featured-img":"","footer-sml-layout":"","ast-disable-related-posts":"","theme-transparent-header-meta":"default","adv-header-id-meta":"","stick-header-meta":"default","header-above-stick-meta":"","header-main-stick-meta":"","header-below-stick-meta":"","astra-migrate-meta-layouts":"set","ast-page-background-enabled":"default","ast-page-background-meta":{"desktop":{"background-color":"var(--ast-global-color-4)","background-image":"","background-repeat":"repeat","background-position":"center center","background-size":"auto","background-attachment":"scroll","background-type":"","background-media":"","overlay-type":"","overlay-color":"","overlay-opacity":"","overlay-gradient":""},"tablet":{"background-color":"","background-image":"","background-repeat":"repeat","background-position":"center center","background-size":"auto","background-attachment":"scroll","background-type":"","background-media":"","overlay-type":"","overlay-color":"","overlay-opacity":"","overlay-gradient":""},"mobile":{"background-color":"","background-image":"","background-repeat":"repeat","background-position":"center center","background-size":"auto","background-attachment":"scroll","background-type":"","background-media":"","overlay-type":"","overlay-color":"","overlay-opacity":"","overlay-gradient":""}},"ast-content-background-meta":{"desktop":{"background-color":"var(--ast-global-color-5)","background-image":"","background-repeat":"repeat","background-position":"center center","background-size":"auto","background-attachment":"scroll","background-type":"","background-media":"","overlay-type":"","overlay-color":"","overlay-opacity":"","overlay-gradient":""},"tablet":{"background-color":"var(--ast-global-color-5)","background-image":"","background-repeat":"repeat","background-position":"center center","background-size":"auto","background-attachment":"scroll","background-type":"","background-media":"","overlay-type":"","overlay-color":"","overlay-opacity":"","overlay-gradient":""},"mobile":{"background-color":"var(--ast-global-color-5)","background-image":"","background-repeat":"repeat","background-position":"center center","background-size":"auto","background-attachment":"scroll","background-type":"","background-media":"","overlay-type":"","overlay-color":"","overlay-opacity":"","overlay-gradient":""}},"_tribe_events_status":"","_tribe_events_status_reason":"","footnotes":""},"tags":[],"tribe_events_cat":[],"class_list":["post-15497","tribe_events","type-tribe_events","status-publish","has-post-thumbnail","hentry"],"yoast_head":"<!-- This site is optimized with the Yoast SEO plugin v27.1.1 - https:\/\/yoast.com\/product\/yoast-seo-wordpress\/ -->\n<title>&quot;Klimakteriet - hur ska jag f\u00f6rst\u00e5 en kropp som jag inte l\u00e4ngre k\u00e4nner igen&quot; \u2013 f\u00f6rel\u00e4sning med Christina Sundequist - T\u00e4nn\u00e4skr\u00f6ket<\/title>\n<meta name=\"robots\" content=\"index, follow, max-snippet:-1, max-image-preview:large, max-video-preview:-1\" \/>\n<link rel=\"canonical\" href=\"https:\/\/tannaskroket.se\/en\/event\/klimakteriet-hur-ska-jag-forsta-en-kropp-som-jag-inte-langre-kanner-igen-forelasning-med-christina-sundequist\/\" \/>\n<meta property=\"og:locale\" content=\"en_GB\" \/>\n<meta property=\"og:type\" content=\"article\" \/>\n<meta property=\"og:title\" content=\"&quot;Klimakteriet - hur ska jag f\u00f6rst\u00e5 en kropp som jag inte l\u00e4ngre k\u00e4nner igen&quot; \u2013 f\u00f6rel\u00e4sning med Christina Sundequist - T\u00e4nn\u00e4skr\u00f6ket\" \/>\n<meta property=\"og:description\" content=\"V\u00e4lkommen till en f\u00f6rel\u00e4sningstr\u00e4ff som ger dig en bra inblick i tiden runt klimakteriet! Vi g\u00e5r igenom vad klimakteriet \u00e4r, de olika faserna, vanliga symptom, varf\u00f6r de uppkommer och hur de p\u00e5verkar dig. Vi talar om b\u00e5de kropp och sinne. Du f\u00e5r r\u00e5d kopplat till kost, viktuppg\u00e5ng, tr\u00e4ning, s\u00f6mn, stress, psykiskt m\u00e5ende med mera. Du [&hellip;]\" \/>\n<meta property=\"og:url\" content=\"https:\/\/tannaskroket.se\/en\/event\/klimakteriet-hur-ska-jag-forsta-en-kropp-som-jag-inte-langre-kanner-igen-forelasning-med-christina-sundequist\/\" \/>\n<meta property=\"og:site_name\" content=\"T\u00e4nn\u00e4skr\u00f6ket\" \/>\n<meta property=\"article:publisher\" content=\"https:\/\/www.facebook.com\/Tannaskroket\/\" \/>\n<meta property=\"article:modified_time\" content=\"2025-01-03T12:45:39+00:00\" \/>\n<meta property=\"og:image\" content=\"https:\/\/tannaskroket.se\/wp-content\/uploads\/2024\/12\/241112-ChristinaSundequist-LumeahPhotography-personalbrandphotos-hi-res-074-scaled.jpeg\" \/>\n\t<meta property=\"og:image:width\" content=\"1707\" \/>\n\t<meta property=\"og:image:height\" content=\"2560\" \/>\n\t<meta property=\"og:image:type\" content=\"image\/jpeg\" \/>\n<meta name=\"twitter:card\" content=\"summary_large_image\" \/>\n<meta name=\"twitter:label1\" content=\"Estimated reading time\" \/>\n\t<meta name=\"twitter:data1\" content=\"1 minute\" \/>\n<script type=\"application\/ld+json\" class=\"yoast-schema-graph\">{\"@context\":\"https:\/\/schema.org\",\"@graph\":[{\"@type\":\"WebPage\",\"@id\":\"https:\/\/tannaskroket.se\/event\/klimakteriet-hur-ska-jag-forsta-en-kropp-som-jag-inte-langre-kanner-igen-forelasning-med-christina-sundequist\/\",\"url\":\"https:\/\/tannaskroket.se\/event\/klimakteriet-hur-ska-jag-forsta-en-kropp-som-jag-inte-langre-kanner-igen-forelasning-med-christina-sundequist\/\",\"name\":\"\\\"Klimakteriet - hur ska jag f\u00f6rst\u00e5 en kropp som jag inte l\u00e4ngre k\u00e4nner igen\\\" \u2013 f\u00f6rel\u00e4sning med Christina Sundequist - T\u00e4nn\u00e4skr\u00f6ket\",\"isPartOf\":{\"@id\":\"https:\/\/tannaskroket.se\/#website\"},\"primaryImageOfPage\":{\"@id\":\"https:\/\/tannaskroket.se\/event\/klimakteriet-hur-ska-jag-forsta-en-kropp-som-jag-inte-langre-kanner-igen-forelasning-med-christina-sundequist\/#primaryimage\"},\"image\":{\"@id\":\"https:\/\/tannaskroket.se\/event\/klimakteriet-hur-ska-jag-forsta-en-kropp-som-jag-inte-langre-kanner-igen-forelasning-med-christina-sundequist\/#primaryimage\"},\"thumbnailUrl\":\"https:\/\/tannaskroket.se\/wp-content\/uploads\/2024\/12\/241112-ChristinaSundequist-LumeahPhotography-personalbrandphotos-hi-res-074-scaled.jpeg\",\"datePublished\":\"2024-12-16T15:21:10+00:00\",\"dateModified\":\"2025-01-03T12:45:39+00:00\",\"breadcrumb\":{\"@id\":\"https:\/\/tannaskroket.se\/event\/klimakteriet-hur-ska-jag-forsta-en-kropp-som-jag-inte-langre-kanner-igen-forelasning-med-christina-sundequist\/#breadcrumb\"},\"inLanguage\":\"en-GB\",\"potentialAction\":[{\"@type\":\"ReadAction\",\"target\":[\"https:\/\/tannaskroket.se\/event\/klimakteriet-hur-ska-jag-forsta-en-kropp-som-jag-inte-langre-kanner-igen-forelasning-med-christina-sundequist\/\"]}]},{\"@type\":\"ImageObject\",\"inLanguage\":\"en-GB\",\"@id\":\"https:\/\/tannaskroket.se\/event\/klimakteriet-hur-ska-jag-forsta-en-kropp-som-jag-inte-langre-kanner-igen-forelasning-med-christina-sundequist\/#primaryimage\",\"url\":\"https:\/\/tannaskroket.se\/wp-content\/uploads\/2024\/12\/241112-ChristinaSundequist-LumeahPhotography-personalbrandphotos-hi-res-074-scaled.jpeg\",\"contentUrl\":\"https:\/\/tannaskroket.se\/wp-content\/uploads\/2024\/12\/241112-ChristinaSundequist-LumeahPhotography-personalbrandphotos-hi-res-074-scaled.jpeg\",\"width\":1707,\"height\":2560,\"caption\":\"F\u00f6rel\u00e4sning om kroppen under klimakteriet\"},{\"@type\":\"BreadcrumbList\",\"@id\":\"https:\/\/tannaskroket.se\/event\/klimakteriet-hur-ska-jag-forsta-en-kropp-som-jag-inte-langre-kanner-igen-forelasning-med-christina-sundequist\/#breadcrumb\",\"itemListElement\":[{\"@type\":\"ListItem\",\"position\":1,\"name\":\"Home\",\"item\":\"https:\/\/tannaskroket.se\/\"},{\"@type\":\"ListItem\",\"position\":2,\"name\":\"Evenemang\",\"item\":\"https:\/\/tannaskroket.se\/kalender\/\"},{\"@type\":\"ListItem\",\"position\":3,\"name\":\"&#8221;Klimakteriet &#8211; hur ska jag f\u00f6rst\u00e5 en kropp som jag inte l\u00e4ngre k\u00e4nner igen&#8221; \u2013 f\u00f6rel\u00e4sning med Christina Sundequist\"}]},{\"@type\":\"WebSite\",\"@id\":\"https:\/\/tannaskroket.se\/#website\",\"url\":\"https:\/\/tannaskroket.se\/\",\"name\":\"T\u00e4nn\u00e4skr\u00f6ket\",\"description\":\"Ett eget st\u00e4lle i fj\u00e4llen\",\"publisher\":{\"@id\":\"https:\/\/tannaskroket.se\/#organization\"},\"potentialAction\":[{\"@type\":\"SearchAction\",\"target\":{\"@type\":\"EntryPoint\",\"urlTemplate\":\"https:\/\/tannaskroket.se\/?s={search_term_string}\"},\"query-input\":{\"@type\":\"PropertyValueSpecification\",\"valueRequired\":true,\"valueName\":\"search_term_string\"}}],\"inLanguage\":\"en-GB\"},{\"@type\":\"Organization\",\"@id\":\"https:\/\/tannaskroket.se\/#organization\",\"name\":\"T\u00e4nn\u00e4skr\u00f6ket\",\"url\":\"https:\/\/tannaskroket.se\/\",\"logo\":{\"@type\":\"ImageObject\",\"inLanguage\":\"en-GB\",\"@id\":\"https:\/\/tannaskroket.se\/#\/schema\/logo\/image\/\",\"url\":\"https:\/\/tannaskroket.se\/wp-content\/uploads\/2022\/10\/tk_logo_100_s2.png\",\"contentUrl\":\"https:\/\/tannaskroket.se\/wp-content\/uploads\/2022\/10\/tk_logo_100_s2.png\",\"width\":100,\"height\":100,\"caption\":\"T\u00e4nn\u00e4skr\u00f6ket\"},\"image\":{\"@id\":\"https:\/\/tannaskroket.se\/#\/schema\/logo\/image\/\"},\"sameAs\":[\"https:\/\/www.facebook.com\/Tannaskroket\/\",\"https:\/\/www.instagram.com\/tannaskroket\/\"]}]}<\/script>\n<!-- \/ Yoast SEO plugin. -->","yoast_head_json":{"title":"\"Klimakteriet - hur ska jag f\u00f6rst\u00e5 en kropp som jag inte l\u00e4ngre k\u00e4nner igen\" \u2013 f\u00f6rel\u00e4sning med Christina Sundequist - T\u00e4nn\u00e4skr\u00f6ket","robots":{"index":"index","follow":"follow","max-snippet":"max-snippet:-1","max-image-preview":"max-image-preview:large","max-video-preview":"max-video-preview:-1"},"canonical":"https:\/\/tannaskroket.se\/en\/event\/klimakteriet-hur-ska-jag-forsta-en-kropp-som-jag-inte-langre-kanner-igen-forelasning-med-christina-sundequist\/","og_locale":"en_GB","og_type":"article","og_title":"\"Klimakteriet - hur ska jag f\u00f6rst\u00e5 en kropp som jag inte l\u00e4ngre k\u00e4nner igen\" \u2013 f\u00f6rel\u00e4sning med Christina Sundequist - T\u00e4nn\u00e4skr\u00f6ket","og_description":"V\u00e4lkommen till en f\u00f6rel\u00e4sningstr\u00e4ff som ger dig en bra inblick i tiden runt klimakteriet! Vi g\u00e5r igenom vad klimakteriet \u00e4r, de olika faserna, vanliga symptom, varf\u00f6r de uppkommer och hur de p\u00e5verkar dig. Vi talar om b\u00e5de kropp och sinne. Du f\u00e5r r\u00e5d kopplat till kost, viktuppg\u00e5ng, tr\u00e4ning, s\u00f6mn, stress, psykiskt m\u00e5ende med mera. Du [&hellip;]","og_url":"https:\/\/tannaskroket.se\/en\/event\/klimakteriet-hur-ska-jag-forsta-en-kropp-som-jag-inte-langre-kanner-igen-forelasning-med-christina-sundequist\/","og_site_name":"T\u00e4nn\u00e4skr\u00f6ket","article_publisher":"https:\/\/www.facebook.com\/Tannaskroket\/","article_modified_time":"2025-01-03T12:45:39+00:00","og_image":[{"width":1707,"height":2560,"url":"https:\/\/tannaskroket.se\/wp-content\/uploads\/2024\/12\/241112-ChristinaSundequist-LumeahPhotography-personalbrandphotos-hi-res-074-scaled.jpeg","type":"image\/jpeg"}],"twitter_card":"summary_large_image","twitter_misc":{"Estimated reading time":"1 minute"},"schema":{"@context":"https:\/\/schema.org","@graph":[{"@type":"WebPage","@id":"https:\/\/tannaskroket.se\/event\/klimakteriet-hur-ska-jag-forsta-en-kropp-som-jag-inte-langre-kanner-igen-forelasning-med-christina-sundequist\/","url":"https:\/\/tannaskroket.se\/event\/klimakteriet-hur-ska-jag-forsta-en-kropp-som-jag-inte-langre-kanner-igen-forelasning-med-christina-sundequist\/","name":"\"Klimakteriet - hur ska jag f\u00f6rst\u00e5 en kropp som jag inte l\u00e4ngre k\u00e4nner igen\" \u2013 f\u00f6rel\u00e4sning med Christina Sundequist - T\u00e4nn\u00e4skr\u00f6ket","isPartOf":{"@id":"https:\/\/tannaskroket.se\/#website"},"primaryImageOfPage":{"@id":"https:\/\/tannaskroket.se\/event\/klimakteriet-hur-ska-jag-forsta-en-kropp-som-jag-inte-langre-kanner-igen-forelasning-med-christina-sundequist\/#primaryimage"},"image":{"@id":"https:\/\/tannaskroket.se\/event\/klimakteriet-hur-ska-jag-forsta-en-kropp-som-jag-inte-langre-kanner-igen-forelasning-med-christina-sundequist\/#primaryimage"},"thumbnailUrl":"https:\/\/tannaskroket.se\/wp-content\/uploads\/2024\/12\/241112-ChristinaSundequist-LumeahPhotography-personalbrandphotos-hi-res-074-scaled.jpeg","datePublished":"2024-12-16T15:21:10+00:00","dateModified":"2025-01-03T12:45:39+00:00","breadcrumb":{"@id":"https:\/\/tannaskroket.se\/event\/klimakteriet-hur-ska-jag-forsta-en-kropp-som-jag-inte-langre-kanner-igen-forelasning-med-christina-sundequist\/#breadcrumb"},"inLanguage":"en-GB","potentialAction":[{"@type":"ReadAction","target":["https:\/\/tannaskroket.se\/event\/klimakteriet-hur-ska-jag-forsta-en-kropp-som-jag-inte-langre-kanner-igen-forelasning-med-christina-sundequist\/"]}]},{"@type":"ImageObject","inLanguage":"en-GB","@id":"https:\/\/tannaskroket.se\/event\/klimakteriet-hur-ska-jag-forsta-en-kropp-som-jag-inte-langre-kanner-igen-forelasning-med-christina-sundequist\/#primaryimage","url":"https:\/\/tannaskroket.se\/wp-content\/uploads\/2024\/12\/241112-ChristinaSundequist-LumeahPhotography-personalbrandphotos-hi-res-074-scaled.jpeg","contentUrl":"https:\/\/tannaskroket.se\/wp-content\/uploads\/2024\/12\/241112-ChristinaSundequist-LumeahPhotography-personalbrandphotos-hi-res-074-scaled.jpeg","width":1707,"height":2560,"caption":"F\u00f6rel\u00e4sning om kroppen under klimakteriet"},{"@type":"BreadcrumbList","@id":"https:\/\/tannaskroket.se\/event\/klimakteriet-hur-ska-jag-forsta-en-kropp-som-jag-inte-langre-kanner-igen-forelasning-med-christina-sundequist\/#breadcrumb","itemListElement":[{"@type":"ListItem","position":1,"name":"Home","item":"https:\/\/tannaskroket.se\/"},{"@type":"ListItem","position":2,"name":"Evenemang","item":"https:\/\/tannaskroket.se\/kalender\/"},{"@type":"ListItem","position":3,"name":"&#8221;Klimakteriet &#8211; hur ska jag f\u00f6rst\u00e5 en kropp som jag inte l\u00e4ngre k\u00e4nner igen&#8221; \u2013 f\u00f6rel\u00e4sning med Christina Sundequist"}]},{"@type":"WebSite","@id":"https:\/\/tannaskroket.se\/#website","url":"https:\/\/tannaskroket.se\/","name":"T\u00e4nn\u00e4skr\u00f6ket","description":"A place of your own in the mountains","publisher":{"@id":"https:\/\/tannaskroket.se\/#organization"},"potentialAction":[{"@type":"SearchAction","target":{"@type":"EntryPoint","urlTemplate":"https:\/\/tannaskroket.se\/?s={search_term_string}"},"query-input":{"@type":"PropertyValueSpecification","valueRequired":true,"valueName":"search_term_string"}}],"inLanguage":"en-GB"},{"@type":"Organization","@id":"https:\/\/tannaskroket.se\/#organization","name":"T\u00e4nn\u00e4skr\u00f6ket","url":"https:\/\/tannaskroket.se\/","logo":{"@type":"ImageObject","inLanguage":"en-GB","@id":"https:\/\/tannaskroket.se\/#\/schema\/logo\/image\/","url":"https:\/\/tannaskroket.se\/wp-content\/uploads\/2022\/10\/tk_logo_100_s2.png","contentUrl":"https:\/\/tannaskroket.se\/wp-content\/uploads\/2022\/10\/tk_logo_100_s2.png","width":100,"height":100,"caption":"T\u00e4nn\u00e4skr\u00f6ket"},"image":{"@id":"https:\/\/tannaskroket.se\/#\/schema\/logo\/image\/"},"sameAs":["https:\/\/www.facebook.com\/Tannaskroket\/","https:\/\/www.instagram.com\/tannaskroket\/"]}]}},"_links":{"self":[{"href":"https:\/\/tannaskroket.se\/en\/wp-json\/wp\/v2\/tribe_events\/15497","targetHints":{"allow":["GET"]}}],"collection":[{"href":"https:\/\/tannaskroket.se\/en\/wp-json\/wp\/v2\/tribe_events"}],"about":[{"href":"https:\/\/tannaskroket.se\/en\/wp-json\/wp\/v2\/types\/tribe_events"}],"author":[{"embeddable":true,"href":"https:\/\/tannaskroket.se\/en\/wp-json\/wp\/v2\/users\/12"}],"version-history":[{"count":2,"href":"https:\/\/tannaskroket.se\/en\/wp-json\/wp\/v2\/tribe_events\/15497\/revisions"}],"predecessor-version":[{"id":15590,"href":"https:\/\/tannaskroket.se\/en\/wp-json\/wp\/v2\/tribe_events\/15497\/revisions\/15590"}],"wp:featuredmedia":[{"embeddable":true,"href":"https:\/\/tannaskroket.se\/en\/wp-json\/wp\/v2\/media\/15498"}],"wp:attachment":[{"href":"https:\/\/tannaskroket.se\/en\/wp-json\/wp\/v2\/media?parent=15497"}],"wp:term":[{"taxonomy":"post_tag","embeddable":true,"href":"https:\/\/tannaskroket.se\/en\/wp-json\/wp\/v2\/tags?post=15497"},{"taxonomy":"tribe_events_cat","embeddable":true,"href":"https:\/\/tannaskroket.se\/en\/wp-json\/wp\/v2\/tribe_events_cat?post=15497"}],"curies":[{"name":"wp","href":"https:\/\/api.w.org\/{rel}","templated":true}]}}